{"id":7763,"date":"2022-03-14T10:06:56","date_gmt":"2022-03-14T08:06:56","guid":{"rendered":"https:\/\/oksasenpuutarha.fi\/tietosuojaseloste"},"modified":"2026-01-14T13:21:06","modified_gmt":"2026-01-14T11:21:06","slug":"sekretesspolicy","status":"publish","type":"page","link":"https:\/\/oksasenpuutarha.fi\/sv\/sekretesspolicy","title":{"rendered":"Sekretesspolicy"},"content":{"rendered":"[vc_row type=&#8221;in_container&#8221; full_screen_row_position=&#8221;middle&#8221; column_margin=&#8221;default&#8221; column_direction=&#8221;default&#8221; column_direction_tablet=&#8221;default&#8221; column_direction_phone=&#8221;default&#8221; scene_position=&#8221;center&#8221; text_color=&#8221;dark&#8221; text_align=&#8221;left&#8221; row_border_radius=&#8221;none&#8221; row_border_radius_applies=&#8221;bg&#8221; row_position_desktop=&#8221;default&#8221; row_position_tablet=&#8221;inherit&#8221; row_position_phone=&#8221;inherit&#8221; overflow=&#8221;visible&#8221; overlay_strength=&#8221;0.3&#8243; gradient_direction=&#8221;left_to_right&#8221; shape_divider_position=&#8221;bottom&#8221; bg_image_animation=&#8221;none&#8221;][vc_column column_padding=&#8221;no-extra-padding&#8221; column_padding_tablet=&#8221;inherit&#8221; column_padding_phone=&#8221;inherit&#8221; column_padding_position=&#8221;all&#8221; flex_gap_desktop=&#8221;10px&#8221; column_element_direction_desktop=&#8221;default&#8221; column_element_spacing=&#8221;default&#8221; desktop_text_alignment=&#8221;default&#8221; tablet_text_alignment=&#8221;default&#8221; phone_text_alignment=&#8221;default&#8221; background_color_opacity=&#8221;1&#8243; background_hover_color_opacity=&#8221;1&#8243; column_backdrop_filter=&#8221;none&#8221; column_shadow=&#8221;none&#8221; column_border_radius=&#8221;none&#8221; column_link_target=&#8221;_self&#8221; column_position=&#8221;default&#8221; gradient_direction=&#8221;left_to_right&#8221; overlay_strength=&#8221;0.3&#8243; width=&#8221;1\/1&#8243; tablet_width_inherit=&#8221;default&#8221; animation_type=&#8221;default&#8221; bg_image_animation=&#8221;none&#8221; border_type=&#8221;simple&#8221; column_border_width=&#8221;none&#8221; column_border_style=&#8221;solid&#8221;][vc_column_text css=&#8221;&#8221; text_direction=&#8221;default&#8221;]OKSANENS TR\u00c4DG\u00c5RD AB \u2013 DATASKYDDSBESKRIVNING<\/p>\n<p>En kombinerad dataskyddsbeskrivning och informationshandling i enlighet med dataskyddslagen samt Europeiska unionens allm\u00e4nna dataskyddsf\u00f6rordning (GDPR, 2016\/679\/EU).<\/p>\n<p>PERSONUPPGIFTSANSVARIG<\/p>\n<p>Oksanens Tr\u00e4dg\u00e5rd Ab<br \/>\nJoenper\u00e4ntie 224, 21330 Patis<br \/>\nTel. 02 257 0174<br \/>\nE-post: info@oksasenpuutarha.fi<br \/>\nFO-nummer: 1070403-6<\/p>\n<p>KONTAKTPERSON I DATASKYDDSFR\u00c5GOR<\/p>\n<p>Juha Oksanen<br \/>\nStyrelseordf\u00f6rande, verkst\u00e4llande direkt\u00f6r<br \/>\nTel. 050 564 2265<br \/>\nE-post: juha.oksanen@oksasenpuutarha.fi<\/p>\n<p>REGISTRETS NAMN OCH INNEH\u00c5LL<\/p>\n<p>Oksasens Tr\u00e4dg\u00e5rd Ab:s kundregister<\/p>\n<p>R\u00c4TTSLIG GRUND F\u00d6R BEHANDLING AV PERSONUPPGIFTER \/ VARF\u00d6R SAMLAR VI IN ERA UPPGIFTER?<\/p>\n<p><strong>Allm\u00e4nt om behandling av personuppgifter<br \/>\n<\/strong>I den m\u00e5n som kundregistret inneh\u00e5ller personuppgifter s\u00e5 behandlas dessa i enlighet med dataskyddslagen samt \u00f6vriga g\u00e4llande lagar, f\u00f6rordningar, f\u00f6reskrifter och myndighetsanvisningar som g\u00e4ller behandling av personuppgifter. Med personuppgift avses<br \/>\ninformation som kan kopplas till en identifierad eller identifierbar fysisk person.<\/p>\n<p>I denna dataskyddsbeskrivning redog\u00f6rs n\u00e4rmare f\u00f6r metoder som g\u00e4ller insamling, behandling och utl\u00e4mnande av personuppgifter samt f\u00f6r kundens, det vill s\u00e4ga den registrerades, r\u00e4ttigheter.<\/p>\n<p><strong>\u00c4ndam\u00e5l med insamling av personuppgifter<br \/>\n<\/strong>Kundrelation eller d\u00e4rmed j\u00e4mf\u00f6rbart f\u00f6rh\u00e5llande<br \/>\nSyftet med kundregistret \u00e4r att m\u00f6jligg\u00f6ra kontakter som kr\u00e4vs f\u00f6r kundservice samt att uppr\u00e4tth\u00e5lla och utveckla kundrelationer.<\/p>\n<p>Lagring av uppgifter som baseras p\u00e5 samtycke<br \/>\nKundens bes separat om samtycke till lagring, behandling och bevarande av personuppgifter.<\/p>\n<p><strong>Anv\u00e4ndnings\u00e4ndam\u00e5l f\u00f6r uppgifterna<br \/>\n<\/strong>Uppgifterna i kundregistret kan anv\u00e4ndas f\u00f6r f\u00f6ljande huvudsakliga \u00e4ndam\u00e5l:<\/p>\n<ul>\n<li style=\"list-style-type: none;\">\n<ul>\n<li>uppr\u00e4tth\u00e5llande och utveckling av kundrelationen<\/li>\n<li>produktion, tillhandah\u00e5llande, utveckling, f\u00f6rb\u00e4ttring och skydd av tj\u00e4nster<\/li>\n<li>fakturering, samt verifiering av kund- och aff\u00e4rsh\u00e4ndelser<\/li>\n<li>riktad marknadsf\u00f6ring<\/li>\n<li>analys och statistikf\u00f6ring av tj\u00e4nster<\/li>\n<li>kundkommunikation, marknadsf\u00f6ring och reklam<br \/>\nskydd och s\u00e4kerst\u00e4llande av r\u00e4ttigheter och\/eller egendom f\u00f6r den personuppgiftsansvarige samt andra parter som \u00e4r involverade i uppdrag relaterade till tj\u00e4nsterna<\/li>\n<li>fullg\u00f6rande av den personuppgiftsansvariges lagstadgade skyldigheter<\/li>\n<li>andra motsvarande anv\u00e4ndnings\u00e4ndam\u00e5l.<\/li>\n<\/ul>\n<\/li>\n<\/ul>\n<p><strong>Konsekvenser av att uppgifter inte l\u00e4mnas<\/strong><br \/>\nOm den personuppgiftsansvarige inte erh\u00e5ller de uppgifter som kr\u00e4vs i insamlingen av personuppgifter, kan en kundrelation inte inledas eller uppr\u00e4tth\u00e5llas, inte heller kan ett annat avtal ing\u00e5s eller en r\u00e4ttshandling genomf\u00f6ras med kunden.<\/p>\n<p>INNEH\u00c5LL I KUNDREGISTRET \/ VILKA UPPGIFTER SAMLAR VI IN?<\/p>\n<p>I uppdragsdagboken och dess bilagor behandlas, eller kan det behandlas, uppgifter som h\u00f6r till f\u00f6ljande kategorier:<\/p>\n<ul>\n<li>kundens grunduppgifter, s\u00e5som fullst\u00e4ndigt namn, e-postadress, telefonnummer, roll och f\u00f6retag<\/li>\n<li>IP-adress samt uppgifter som \u00e4r har att g\u00f6ra med fakturering och inkassering<\/li>\n<li>uppgifter som r\u00f6r kundrelationen och avtalsf\u00f6rh\u00e5llandet, s\u00e5som tj\u00e4nster som erbjudits kunden, tidpunkt f\u00f6r anv\u00e4ndning av tj\u00e4nster, offert samt godk\u00e4nnande av offert<\/li>\n<li>samtycken och f\u00f6rbud, s\u00e5som tillst\u00e5nd och f\u00f6rbud g\u00e4llande direktmarknadsf\u00f6ring<\/li>\n<li>intresseomr\u00e5den samt andra uppgifter som kunden sj\u00e4lv har l\u00e4mnat in<\/li>\n<li>\u00f6vriga h\u00e4ndelseuppgifter som r\u00f6r anv\u00e4ndningen av tj\u00e4nster<\/li>\n<li>reklamationer samt uppgifter om deras handl\u00e4ggning<\/li>\n<\/ul>\n<p>LAGRINGSTID F\u00d6R UPPGIFTER<\/p>\n<p>Personuppgifter behandlas i regel s\u00e5 l\u00e4nge det kundavtal som kr\u00e4ver behandlingen av uppgifterna \u00e4r i kraft. Uppgifterna registreras i den form som de erh\u00e5lls fr\u00e5n den registrerade sj\u00e4lv och uppdateras enligt de uppgifter som den registrerade meddelar den personuppgiftsansvarige.<\/p>\n<p>\u00d6vriga personuppgifter raderas n\u00e4r det inte l\u00e4ngre finns behov av att lagra dem. Om insamlingen och lagringen av personuppgifter har grundat sig enbart p\u00e5 kundens samtycke, raderas personuppgifterna p\u00e5 kundens beg\u00e4ran.<\/p>\n<p>REGELM\u00c4SSIGA UPPGIFTSK\u00c4LLOR \/ VARIFR\u00c5N SAMLAS UPPGIFTERNA IN?<\/p>\n<p>Uppgifter om potentiella kunder erh\u00e5lls med deras samtycke direkt fr\u00e5n dem sj\u00e4lva i samband med bes\u00f6k p\u00e5 webbplatsen eller genom annan personlig eller digital interaktion.<\/p>\n<p>UTL\u00c4MNANDE AV UPPGIFTER \/ TILL VEM KAN UPPGIFTER L\u00c4MNAS UT?<\/p>\n<p>Uppgifter l\u00e4mnas i regel inte ut f\u00f6r marknadsf\u00f6rings\u00e4ndam\u00e5l utanf\u00f6r Oksasen Puutarha Oy.<\/p>\n<p>Uppgifter kan i begr\u00e4nsad omfattning l\u00e4mnas ut till en tredje part som anlitats av den personuppgiftsansvarige f\u00f6r riktade marknadsf\u00f6ringskampanjer. \u00c4gander\u00e4tten till uppgifterna \u00f6verf\u00f6rs inte till tredje part och tredje part har inte r\u00e4tt att anv\u00e4nda uppgifterna f\u00f6r andra \u00e4ndam\u00e5l \u00e4n det aktuella uppdraget.<\/p>\n<p>Vi har s\u00e4kerst\u00e4llt att v\u00e5ra tj\u00e4nsteleverant\u00f6rer f\u00f6ljer g\u00e4llande dataskyddslagstiftning.<br \/>\nUppgifter \u00f6verf\u00f6rs inte regelm\u00e4ssigt utanf\u00f6r Europeiska unionen eller Europeiska ekonomiska samarbetsomr\u00e5det. Uppgifter kan dock \u00f6verf\u00f6ras eller l\u00e4mnas ut utanf\u00f6r<\/p>\n<p>EU\/EES i enlighet med lagstiftningen, till exempel om uppgifterna \u00f6verf\u00f6rs till ett land d\u00e4r Europeiska kommissionen har fastst\u00e4llt att skyddsniv\u00e5n \u00e4r tillr\u00e4cklig, eller genom avtalsarrangemang som s\u00e4kerst\u00e4ller en adekvat niv\u00e5 av dataskydd.<\/p>\n<p>\u00d6verf\u00f6ring utanf\u00f6r EU\/EES kan \u00e4ven tillf\u00e4lligt ske i samband med anv\u00e4ndning av olika molntj\u00e4nster, s\u00e5som exempelvis OneDrive, Google Analytics, iCloud eller Dropbox.<\/p>\n<p>Uppgifter l\u00e4mnas ut till myndigheter i de fall som kr\u00e4vs enligt lag.<\/p>\n<p>PRINCIPER F\u00d6R SKYDD AV REGISTRET \/ HUR SKYDDAR VI ERA PERSONUPPGIFTER?<\/p>\n<p>\u00c5tkomst till registret f\u00f6ruts\u00e4tter ett anv\u00e4ndarnamn som beviljas av huvudanv\u00e4ndaren f\u00f6r kundregistret. Huvudanv\u00e4ndaren fastst\u00e4ller \u00e4ven beh\u00f6righetsniv\u00e5erna f\u00f6r \u00f6vriga anv\u00e4ndare. Endast de anst\u00e4llda hos den personuppgiftsansvarige samt anst\u00e4llda hos eventuella underleverant\u00f6rer som beh\u00f6ver tillg\u00e5ng till uppgifterna f\u00f6r att utf\u00f6ra sina arbetsuppgifter har r\u00e4tt att behandla uppgifterna.<\/p>\n<p>Uppgifterna samlas in i tj\u00e4nstens databaser, vilka skyddas med brandv\u00e4ggar, l\u00f6senord och andra tekniska skydds\u00e5tg\u00e4rder. Databaserna \u00e4r placerade i l\u00e5sta och bevakade utrymmen, och endast utvalda och kvalificerade personer har tillg\u00e5ng till uppgifterna.<\/p>\n<p>I den m\u00e5n personuppgifter behandlas f\u00f6r den personuppgiftsansvariges r\u00e4kning av en underleverant\u00f6r, har l\u00e4mpliga skydds\u00e5tg\u00e4rder s\u00e4kerst\u00e4llts genom avtal mellan den personuppgiftsansvarige och underleverant\u00f6ren. Dessa avtal garanterar att behandlingen av personuppgifter uppfyller kraven enligt g\u00e4llande dataskyddslagstiftning.<\/p>\n<p>DEN REGISTRERADES R\u00c4TTIGHETER \/ HUR KAN JAG S\u00c4KERST\u00c4LLA ATT BEHANDLINGEN \u00c4R LAGLIG?<\/p>\n<p><strong>R\u00e4tt till insyn, tillg\u00e5ng och dataportabilitet<\/strong><br \/>\nKunden har r\u00e4tt att f\u00e5 information om vilka personuppgifter som har lagrats i kundregistret. Beg\u00e4ran om insyn ska framst\u00e4llas skriftligen till den personuppgiftsansvarige, antingen i ett egenh\u00e4ndigt undertecknat dokument eller p\u00e5 ett annat tillf\u00f6rlitligt s\u00e4tt genom verifiering, alternativt via e-post.<\/p>\n<p>Den personuppgiftsansvarige tillhandah\u00e5ller de beg\u00e4rda uppgifterna inom 30 dagar fr\u00e5n det att beg\u00e4ran mottagits.<\/p>\n<p>Kunden har r\u00e4tt att f\u00e5 de personuppgifter som hen sj\u00e4lv har tillhandah\u00e5llit \u00f6verf\u00f6rda till en tredje part i ett strukturerat, allm\u00e4nt anv\u00e4nt och maskinl\u00e4sbart format. Den personuppgiftsansvarige beh\u00e5ller dock de \u00f6verf\u00f6rda uppgifterna i enlighet med denna dataskyddsbeskrivning.<\/p>\n<p><strong>R\u00e4ttelse av felaktiga uppgifter<\/strong><br \/>\nKunden har r\u00e4tt att beg\u00e4ra r\u00e4ttelse av personuppgifter som r\u00f6r hen och som har registrerats i personregistret, om uppgifterna \u00e4r felaktiga eller ofullst\u00e4ndiga.<\/p>\n<p><strong>R\u00e4tt att inv\u00e4nda mot eller begr\u00e4nsa behandling, samt r\u00e4tt till radering av uppgifter<\/strong><br \/>\nKunden har r\u00e4tt att inv\u00e4nda mot behandlingen av sina personuppgifter f\u00f6r direktmarknadsf\u00f6ring, distansf\u00f6rs\u00e4ljning och annan direktmarknadsf\u00f6ring, samt f\u00f6r marknads- och opinionsunders\u00f6kningar och utveckling av den personuppgiftsansvariges aff\u00e4rsverksamhet. Kunden har \u00e4ven r\u00e4tt att beg\u00e4ra begr\u00e4nsning i behandlingen av sina personuppgifter samt att f\u00e5 personuppgifter som registrerats f\u00f6r ovann\u00e4mnda \u00e4ndam\u00e5l raderade, \u00e4ven om det i \u00f6vrigt skulle finnas en laglig grund f\u00f6r behandlingen.<\/p>\n<p><strong>\u00c5terkallande av samtycke<\/strong><br \/>\nOm behandlingen av personuppgifter grundar sig p\u00e5 kundens samtycke, har kunden r\u00e4tt att n\u00e4r som helst \u00e5terkalla sitt samtycke genom att kontakta den personuppgiftsansvariges representant enligt kontaktuppgifterna i denna dataskyddsbeskrivning. P\u00e5 grundval av \u00e5terkallelsen raderas alla personuppgifter som inte enligt lag eller annan i denna beskrivning angiven grund m\u00e5ste eller f\u00e5r bevaras.<\/p>\n<p><strong>Procedur vid ut\u00f6vande av r\u00e4ttigheter<\/strong><br \/>\nBeg\u00e4ran om insyn, r\u00e4ttelse eller annan beg\u00e4ran som r\u00f6r den registrerades r\u00e4ttigheter kan g\u00f6ras genom att kontakta den personuppgiftsansvariges kundservice via de kontaktuppgifter som anges i denna dataskyddsbeskrivning.<\/p>\n<p><strong>Oenighet<\/strong><br \/>\nKunden har r\u00e4tt att f\u00f6ra \u00e4rendet till Dataombudsmannens byr\u00e5 f\u00f6r pr\u00f6vning om den personuppgiftsansvarige inte f\u00f6ljer kundens beg\u00e4ran om r\u00e4ttelse eller annan beg\u00e4ran enligt dataskyddslagstiftningen.[\/vc_column_text][\/vc_column][\/vc_row]\n","protected":false},"excerpt":{"rendered":"<p>[vc_row type=&#8221;in_container&#8221; full_screen_row_position=&#8221;middle&#8221; column_margin=&#8221;default&#8221; column_direction=&#8221;default&#8221; column_direction_tablet=&#8221;default&#8221; column_direction_phone=&#8221;default&#8221; scene_position=&#8221;center&#8221; text_color=&#8221;dark&#8221; text_align=&#8221;left&#8221; row_border_radius=&#8221;none&#8221; row_border_radius_applies=&#8221;bg&#8221; row_position_desktop=&#8221;default&#8221; row_position_tablet=&#8221;inherit&#8221; row_position_phone=&#8221;inherit&#8221; overflow=&#8221;visible&#8221; overlay_strength=&#8221;0.3&#8243; gradient_direction=&#8221;left_to_right&#8221; shape_divider_position=&#8221;bottom&#8221; bg_image_animation=&#8221;none&#8221;][vc_column column_padding=&#8221;no-extra-padding&#8221; column_padding_tablet=&#8221;inherit&#8221; column_padding_phone=&#8221;inherit&#8221; column_padding_position=&#8221;all&#8221; flex_gap_desktop=&#8221;10px&#8221; column_element_direction_desktop=&#8221;default&#8221; column_element_spacing=&#8221;default&#8221; desktop_text_alignment=&#8221;default&#8221; tablet_text_alignment=&#8221;default&#8221; phone_text_alignment=&#8221;default&#8221;&#8230;<\/p>\n","protected":false},"author":2,"featured_media":0,"parent":0,"menu_order":0,"comment_status":"closed","ping_status":"closed","template":"","meta":{"footnotes":""},"class_list":["post-7763","page","type-page","status-publish"],"yoast_head":"<!-- This site is optimized with the Yoast SEO plugin v27.4 - https:\/\/yoast.com\/product\/yoast-seo-wordpress\/ -->\n<title>Sekretesspolicy - Oksasen Puutarha<\/title>\n<meta name=\"description\" content=\"Tietosuojalain ja Euroopan Unionin yleisen tietosuoja-asetuksen (2016\/679\/EU) mukainen yhdistetty tietosuojaseloste ja informointiasiakirja.\" \/>\n<meta name=\"robots\" content=\"index, follow, max-snippet:-1, max-image-preview:large, max-video-preview:-1\" \/>\n<link rel=\"canonical\" href=\"https:\/\/oksasenpuutarha.fi\/sv\/sekretesspolicy\" \/>\n<meta property=\"og:locale\" content=\"sv_SE\" \/>\n<meta property=\"og:type\" content=\"article\" \/>\n<meta property=\"og:title\" content=\"Sekretesspolicy - Oksasen Puutarha\" \/>\n<meta property=\"og:description\" content=\"Tietosuojalain ja Euroopan Unionin yleisen tietosuoja-asetuksen (2016\/679\/EU) mukainen yhdistetty tietosuojaseloste ja informointiasiakirja.\" \/>\n<meta property=\"og:url\" content=\"https:\/\/oksasenpuutarha.fi\/sv\/sekretesspolicy\" \/>\n<meta property=\"og:site_name\" content=\"Oksasen Puutarha\" \/>\n<meta property=\"article:publisher\" content=\"https:\/\/www.facebook.com\/OksasenPuutarhaOy\" \/>\n<meta property=\"article:modified_time\" content=\"2026-01-14T11:21:06+00:00\" \/>\n<meta property=\"og:image\" content=\"https:\/\/oksasenpuutarha.fi\/wp-content\/uploads\/2024\/09\/unnamed-2.jpg\" \/>\n\t<meta property=\"og:image:width\" content=\"1920\" \/>\n\t<meta property=\"og:image:height\" content=\"1120\" \/>\n\t<meta property=\"og:image:type\" content=\"image\/jpeg\" \/>\n<meta name=\"twitter:card\" content=\"summary_large_image\" \/>\n<meta name=\"twitter:label1\" content=\"Ber\u00e4knad l\u00e4stid\" \/>\n\t<meta name=\"twitter:data1\" content=\"7 minuter\" \/>\n<script type=\"application\/ld+json\" class=\"yoast-schema-graph\">{\"@context\":\"https:\\\/\\\/schema.org\",\"@graph\":[{\"@type\":\"WebPage\",\"@id\":\"https:\\\/\\\/oksasenpuutarha.fi\\\/sv\\\/sekretesspolicy\",\"url\":\"https:\\\/\\\/oksasenpuutarha.fi\\\/sv\\\/sekretesspolicy\",\"name\":\"Sekretesspolicy - Oksasen Puutarha\",\"isPartOf\":{\"@id\":\"https:\\\/\\\/oksasenpuutarha.fi\\\/sv#website\"},\"datePublished\":\"2022-03-14T08:06:56+00:00\",\"dateModified\":\"2026-01-14T11:21:06+00:00\",\"description\":\"Tietosuojalain ja Euroopan Unionin yleisen tietosuoja-asetuksen (2016\\\/679\\\/EU) mukainen yhdistetty tietosuojaseloste ja informointiasiakirja.\",\"breadcrumb\":{\"@id\":\"https:\\\/\\\/oksasenpuutarha.fi\\\/sv\\\/sekretesspolicy#breadcrumb\"},\"inLanguage\":\"sv-SE\",\"potentialAction\":[{\"@type\":\"ReadAction\",\"target\":[\"https:\\\/\\\/oksasenpuutarha.fi\\\/sv\\\/sekretesspolicy\"]}]},{\"@type\":\"BreadcrumbList\",\"@id\":\"https:\\\/\\\/oksasenpuutarha.fi\\\/sv\\\/sekretesspolicy#breadcrumb\",\"itemListElement\":[{\"@type\":\"ListItem\",\"position\":1,\"name\":\"Etusivu\",\"item\":\"https:\\\/\\\/oksasenpuutarha.fi\\\/sv\"},{\"@type\":\"ListItem\",\"position\":2,\"name\":\"Sekretesspolicy\"}]},{\"@type\":\"WebSite\",\"@id\":\"https:\\\/\\\/oksasenpuutarha.fi\\\/sv#website\",\"url\":\"https:\\\/\\\/oksasenpuutarha.fi\\\/sv\",\"name\":\"Oksasen Puutarha\",\"description\":\"Suomalainen puutarha-alan perheyritys\",\"publisher\":{\"@id\":\"https:\\\/\\\/oksasenpuutarha.fi\\\/sv#organization\"},\"potentialAction\":[{\"@type\":\"SearchAction\",\"target\":{\"@type\":\"EntryPoint\",\"urlTemplate\":\"https:\\\/\\\/oksasenpuutarha.fi\\\/sv?s={search_term_string}\"},\"query-input\":{\"@type\":\"PropertyValueSpecification\",\"valueRequired\":true,\"valueName\":\"search_term_string\"}}],\"inLanguage\":\"sv-SE\"},{\"@type\":\"Organization\",\"@id\":\"https:\\\/\\\/oksasenpuutarha.fi\\\/sv#organization\",\"name\":\"Oksasen Puutarha Oy\",\"url\":\"https:\\\/\\\/oksasenpuutarha.fi\\\/sv\",\"logo\":{\"@type\":\"ImageObject\",\"inLanguage\":\"sv-SE\",\"@id\":\"https:\\\/\\\/oksasenpuutarha.fi\\\/sv#\\\/schema\\\/logo\\\/image\\\/\",\"url\":\"https:\\\/\\\/oksasenpuutarha.fi\\\/wp-content\\\/uploads\\\/2024\\\/06\\\/OksasenPuutarha-logo-2024.svg\",\"contentUrl\":\"https:\\\/\\\/oksasenpuutarha.fi\\\/wp-content\\\/uploads\\\/2024\\\/06\\\/OksasenPuutarha-logo-2024.svg\",\"width\":369,\"height\":481,\"caption\":\"Oksasen Puutarha Oy\"},\"image\":{\"@id\":\"https:\\\/\\\/oksasenpuutarha.fi\\\/sv#\\\/schema\\\/logo\\\/image\\\/\"},\"sameAs\":[\"https:\\\/\\\/www.facebook.com\\\/OksasenPuutarhaOy\",\"https:\\\/\\\/www.instagram.com\\\/kaarlokani\\\/\"]}]}<\/script>\n<!-- \/ Yoast SEO plugin. -->","yoast_head_json":{"title":"Sekretesspolicy - Oksasen Puutarha","description":"Tietosuojalain ja Euroopan Unionin yleisen tietosuoja-asetuksen (2016\/679\/EU) mukainen yhdistetty tietosuojaseloste ja informointiasiakirja.","robots":{"index":"index","follow":"follow","max-snippet":"max-snippet:-1","max-image-preview":"max-image-preview:large","max-video-preview":"max-video-preview:-1"},"canonical":"https:\/\/oksasenpuutarha.fi\/sv\/sekretesspolicy","og_locale":"sv_SE","og_type":"article","og_title":"Sekretesspolicy - Oksasen Puutarha","og_description":"Tietosuojalain ja Euroopan Unionin yleisen tietosuoja-asetuksen (2016\/679\/EU) mukainen yhdistetty tietosuojaseloste ja informointiasiakirja.","og_url":"https:\/\/oksasenpuutarha.fi\/sv\/sekretesspolicy","og_site_name":"Oksasen Puutarha","article_publisher":"https:\/\/www.facebook.com\/OksasenPuutarhaOy","article_modified_time":"2026-01-14T11:21:06+00:00","og_image":[{"width":1920,"height":1120,"url":"https:\/\/oksasenpuutarha.fi\/wp-content\/uploads\/2024\/09\/unnamed-2.jpg","type":"image\/jpeg"}],"twitter_card":"summary_large_image","twitter_misc":{"Ber\u00e4knad l\u00e4stid":"7 minuter"},"schema":{"@context":"https:\/\/schema.org","@graph":[{"@type":"WebPage","@id":"https:\/\/oksasenpuutarha.fi\/sv\/sekretesspolicy","url":"https:\/\/oksasenpuutarha.fi\/sv\/sekretesspolicy","name":"Sekretesspolicy - Oksasen Puutarha","isPartOf":{"@id":"https:\/\/oksasenpuutarha.fi\/sv#website"},"datePublished":"2022-03-14T08:06:56+00:00","dateModified":"2026-01-14T11:21:06+00:00","description":"Tietosuojalain ja Euroopan Unionin yleisen tietosuoja-asetuksen (2016\/679\/EU) mukainen yhdistetty tietosuojaseloste ja informointiasiakirja.","breadcrumb":{"@id":"https:\/\/oksasenpuutarha.fi\/sv\/sekretesspolicy#breadcrumb"},"inLanguage":"sv-SE","potentialAction":[{"@type":"ReadAction","target":["https:\/\/oksasenpuutarha.fi\/sv\/sekretesspolicy"]}]},{"@type":"BreadcrumbList","@id":"https:\/\/oksasenpuutarha.fi\/sv\/sekretesspolicy#breadcrumb","itemListElement":[{"@type":"ListItem","position":1,"name":"Etusivu","item":"https:\/\/oksasenpuutarha.fi\/sv"},{"@type":"ListItem","position":2,"name":"Sekretesspolicy"}]},{"@type":"WebSite","@id":"https:\/\/oksasenpuutarha.fi\/sv#website","url":"https:\/\/oksasenpuutarha.fi\/sv","name":"Oksasen Puutarha","description":"Suomalainen puutarha-alan perheyritys","publisher":{"@id":"https:\/\/oksasenpuutarha.fi\/sv#organization"},"potentialAction":[{"@type":"SearchAction","target":{"@type":"EntryPoint","urlTemplate":"https:\/\/oksasenpuutarha.fi\/sv?s={search_term_string}"},"query-input":{"@type":"PropertyValueSpecification","valueRequired":true,"valueName":"search_term_string"}}],"inLanguage":"sv-SE"},{"@type":"Organization","@id":"https:\/\/oksasenpuutarha.fi\/sv#organization","name":"Oksasen Puutarha Oy","url":"https:\/\/oksasenpuutarha.fi\/sv","logo":{"@type":"ImageObject","inLanguage":"sv-SE","@id":"https:\/\/oksasenpuutarha.fi\/sv#\/schema\/logo\/image\/","url":"https:\/\/oksasenpuutarha.fi\/wp-content\/uploads\/2024\/06\/OksasenPuutarha-logo-2024.svg","contentUrl":"https:\/\/oksasenpuutarha.fi\/wp-content\/uploads\/2024\/06\/OksasenPuutarha-logo-2024.svg","width":369,"height":481,"caption":"Oksasen Puutarha Oy"},"image":{"@id":"https:\/\/oksasenpuutarha.fi\/sv#\/schema\/logo\/image\/"},"sameAs":["https:\/\/www.facebook.com\/OksasenPuutarhaOy","https:\/\/www.instagram.com\/kaarlokani\/"]}]}},"_links":{"self":[{"href":"https:\/\/oksasenpuutarha.fi\/sv\/wp-json\/wp\/v2\/pages\/7763","targetHints":{"allow":["GET"]}}],"collection":[{"href":"https:\/\/oksasenpuutarha.fi\/sv\/wp-json\/wp\/v2\/pages"}],"about":[{"href":"https:\/\/oksasenpuutarha.fi\/sv\/wp-json\/wp\/v2\/types\/page"}],"author":[{"embeddable":true,"href":"https:\/\/oksasenpuutarha.fi\/sv\/wp-json\/wp\/v2\/users\/2"}],"replies":[{"embeddable":true,"href":"https:\/\/oksasenpuutarha.fi\/sv\/wp-json\/wp\/v2\/comments?post=7763"}],"version-history":[{"count":3,"href":"https:\/\/oksasenpuutarha.fi\/sv\/wp-json\/wp\/v2\/pages\/7763\/revisions"}],"predecessor-version":[{"id":8040,"href":"https:\/\/oksasenpuutarha.fi\/sv\/wp-json\/wp\/v2\/pages\/7763\/revisions\/8040"}],"wp:attachment":[{"href":"https:\/\/oksasenpuutarha.fi\/sv\/wp-json\/wp\/v2\/media?parent=7763"}],"curies":[{"name":"wp","href":"https:\/\/api.w.org\/{rel}","templated":true}]}}